{"id":1913,"date":"2024-06-17T10:14:13","date_gmt":"2024-06-17T08:14:13","guid":{"rendered":"https:\/\/internationalschoolofmadrid.com\/privacy-policy\/"},"modified":"2024-11-08T11:01:25","modified_gmt":"2024-11-08T10:01:25","slug":"privacy-policy","status":"publish","type":"page","link":"https:\/\/internationalschoolofmadrid.com\/es\/privacy-policy\/","title":{"rendered":"Pol\u00edtica de Privacidad"},"content":{"rendered":"\t\t<div data-elementor-type=\"wp-page\" data-elementor-id=\"1913\" class=\"elementor elementor-1913 elementor-1714\" data-elementor-post-type=\"page\">\n\t\t\t\t<div class=\"elementor-element elementor-element-b098c3c e-flex e-con-boxed e-con e-parent\" data-id=\"b098c3c\" data-element_type=\"container\">\n\t\t\t\t\t<div class=\"e-con-inner\">\n\t\t\t\t<div class=\"elementor-element elementor-element-8edfd30 elementor-widget-divider--view-line_text elementor-widget-divider--element-align-left elementor-widget elementor-widget-divider\" data-id=\"8edfd30\" data-element_type=\"widget\" data-widget_type=\"divider.default\">\n\t\t\t\t<div class=\"elementor-widget-container\">\n\t\t\t\t\t<div class=\"elementor-divider\">\n\t\t\t<span class=\"elementor-divider-separator\">\n\t\t\t\t\t\t\t<h1 class=\"elementor-divider__text elementor-divider__element\">\n\t\t\t\tPol\u00edtica de Privacidad <span style=\"color:#B0D4FF\">International School of Madrid<\/span>\t\t\t\t<\/h1>\n\t\t\t\t\t\t<\/span>\n\t\t<\/div>\n\t\t\t\t<\/div>\n\t\t\t\t<\/div>\n\t\t<div class=\"elementor-element elementor-element-20b1aa3 e-flex e-con-boxed e-con e-child\" data-id=\"20b1aa3\" data-element_type=\"container\">\n\t\t\t\t\t<div class=\"e-con-inner\">\n\t\t\t\t<div class=\"elementor-element elementor-element-b28ea60 elementor-widget elementor-widget-text-editor\" data-id=\"b28ea60\" data-element_type=\"widget\" data-widget_type=\"text-editor.default\">\n\t\t\t\t<div class=\"elementor-widget-container\">\n\t\t\t\t\t\t\t<p>La Pol\u00edtica de Privacidad forma parte de las Condiciones Generales que rigen la presente Web.<\/p>\n\t\t\t\t\t\t<\/div>\n\t\t\t\t<\/div>\n\t\t\t\t<div class=\"elementor-element elementor-element-c08686f elementor-widget elementor-widget-heading\" data-id=\"c08686f\" data-element_type=\"widget\" data-widget_type=\"heading.default\">\n\t\t\t\t<div class=\"elementor-widget-container\">\n\t\t\t<p class=\"elementor-heading-title elementor-size-default\">\u00bfQui\u00e9n es el responsable del tratamiento de sus datos?<\/p>\t\t<\/div>\n\t\t\t\t<\/div>\n\t\t\t\t<div class=\"elementor-element elementor-element-e33edd7 elementor-widget elementor-widget-text-editor\" data-id=\"e33edd7\" data-element_type=\"widget\" data-widget_type=\"text-editor.default\">\n\t\t\t\t<div class=\"elementor-widget-container\">\n\t\t\t\t\t\t\t<p>COLEGIO INTERNACIONAL DE MADRID, S.L.<\/p>\n<p>B78037751<\/p>\n<ul>\n<li><strong>Domicilio<\/strong>: Cuesta del Sagrado Coraz\u00f3n, 2 (28016 Madrid)<\/li>\n<li><strong>Delegado de Protecci\u00f3n de Datos<\/strong>: <a href=\"mailto:dp@internationalschoolofmadrid.com\">dp@internationalschoolofmadrid.com<\/a><\/li>\n<\/ul>\n<p>Nos reservamos el derecho a modificar o adaptar la presente Pol\u00edtica de Privacidad en cualquier momento. Le recomendamos revisar la misma para mantenerse actualizado. <\/p>\n<p>Si es alguno de los siguientes colectivos, consulte la informaci\u00f3n desplegable:<\/p>\n\t\t\t\t\t\t<\/div>\n\t\t\t\t<\/div>\n\t\t\t\t<div class=\"elementor-element elementor-element-5465b42 elementor-widget elementor-widget-n-accordion\" data-id=\"5465b42\" data-element_type=\"widget\" data-settings=\"{&quot;default_state&quot;:&quot;expanded&quot;,&quot;max_items_expended&quot;:&quot;one&quot;,&quot;n_accordion_animation_duration&quot;:{&quot;unit&quot;:&quot;ms&quot;,&quot;size&quot;:400,&quot;sizes&quot;:[]}}\" data-widget_type=\"nested-accordion.default\">\n\t\t\t\t<div class=\"elementor-widget-container\">\n\t\t\t\t\t<div class=\"e-n-accordion\" aria-label=\"Accordion. Open links with Enter or Space, close with Escape, and navigate with Arrow Keys\">\n\t\t\t\t\t\t<details id=\"e-n-accordion-item-8840\" class=\"e-n-accordion-item\" open>\n\t\t\t\t<summary class=\"e-n-accordion-item-title\" data-accordion-index=\"1\" tabindex=\"0\" aria-expanded=\"true\" aria-controls=\"e-n-accordion-item-8840\" >\n\t\t\t\t\t<span class='e-n-accordion-item-title-header'><div class=\"e-n-accordion-item-title-text\"> ESTUDIANTES <\/div><\/span>\n\t\t\t\t\t\t\t<span class='e-n-accordion-item-title-icon'>\n\t\t\t<span class='e-opened' ><svg aria-hidden=\"true\" class=\"e-font-icon-svg e-fas-minus\" viewBox=\"0 0 448 512\" xmlns=\"http:\/\/www.w3.org\/2000\/svg\"><path d=\"M416 208H32c-17.67 0-32 14.33-32 32v32c0 17.67 14.33 32 32 32h384c17.67 0 32-14.33 32-32v-32c0-17.67-14.33-32-32-32z\"><\/path><\/svg><\/span>\n\t\t\t<span class='e-closed'><svg aria-hidden=\"true\" class=\"e-font-icon-svg e-fas-plus\" viewBox=\"0 0 448 512\" xmlns=\"http:\/\/www.w3.org\/2000\/svg\"><path d=\"M416 208H272V64c0-17.67-14.33-32-32-32h-32c-17.67 0-32 14.33-32 32v144H32c-17.67 0-32 14.33-32 32v32c0 17.67 14.33 32 32 32h144v144c0 17.67 14.33 32 32 32h32c17.67 0 32-14.33 32-32V304h144c17.67 0 32-14.33 32-32v-32c0-17.67-14.33-32-32-32z\"><\/path><\/svg><\/span>\n\t\t<\/span>\n\n\t\t\t\t\t\t<\/summary>\n\t\t\t\t<div role=\"region\" aria-labelledby=\"e-n-accordion-item-8840\" class=\"elementor-element elementor-element-759d197 e-con-full e-flex e-con e-child\" data-id=\"759d197\" data-element_type=\"container\">\n\t\t\t\t<div class=\"elementor-element elementor-element-be0c65a elementor-widget elementor-widget-heading\" data-id=\"be0c65a\" data-element_type=\"widget\" data-widget_type=\"heading.default\">\n\t\t\t\t<div class=\"elementor-widget-container\">\n\t\t\t<p class=\"elementor-heading-title elementor-size-default\">\u00bfQu\u00e9 datos personales tratamos?<\/p>\t\t<\/div>\n\t\t\t\t<\/div>\n\t\t\t\t<div class=\"elementor-element elementor-element-36b913c elementor-widget elementor-widget-text-editor\" data-id=\"36b913c\" data-element_type=\"widget\" data-widget_type=\"text-editor.default\">\n\t\t\t\t<div class=\"elementor-widget-container\">\n\t\t\t\t\t\t\t<p>Trataremos los datos identificativos, econ\u00f3micos y de contacto de los representantes de nuestros estudiantes a efectos de gestionar la relaci\u00f3n contractual que tenemos con las personas a quienes representan.<\/p>\n\t\t\t\t\t\t<\/div>\n\t\t\t\t<\/div>\n\t\t\t\t<div class=\"elementor-element elementor-element-201aac6 elementor-widget elementor-widget-heading\" data-id=\"201aac6\" data-element_type=\"widget\" data-widget_type=\"heading.default\">\n\t\t\t\t<div class=\"elementor-widget-container\">\n\t\t\t<p class=\"elementor-heading-title elementor-size-default\">\u00bfCon qu\u00e9 finalidades vamos a tratar sus datos personales?<\/p>\t\t<\/div>\n\t\t\t\t<\/div>\n\t\t\t\t<div class=\"elementor-element elementor-element-92466ee elementor-widget elementor-widget-text-editor\" data-id=\"92466ee\" data-element_type=\"widget\" data-widget_type=\"text-editor.default\">\n\t\t\t\t<div class=\"elementor-widget-container\">\n\t\t\t\t\t\t\t<ul>\n<li>Escolarizaci\u00f3n del alumno obligatoria conforme a la legislaci\u00f3n vigente.<\/li>\n<li>Como de matr\u00edcula, mensualidades y donaciones voluntarias.<\/li>\n<li>Servicios complementarios, actividades extraescolares, organizaci\u00f3n de actividades educativas, deportivas y l\u00fadicas.<\/li>\n<li>Tratamiento de datos de salud con la finalidad de satisfacer las necesidades espec\u00edficas del alumno, en su caso.<\/li>\n<li>Tratamiento de im\u00e1genes de aquellos alumnos que as\u00ed lo hayan consentido previamente, las cuales podr\u00e1n aparecer en v\u00eddeos e im\u00e1genes de la web, RRSS, tabl\u00f3n del centro&#8230; con motivo de su participaci\u00f3n en diferentes actividades y proyectos organizados por el centro, con la finalidad de promover y promocionar las actividades del mismo.<\/li>\n<li>Facturaci\u00f3n y declaraci\u00f3n de los impuestos oportunos.<\/li>\n<\/ul>\n\t\t\t\t\t\t<\/div>\n\t\t\t\t<\/div>\n\t\t\t\t<div class=\"elementor-element elementor-element-5862cde elementor-widget elementor-widget-heading\" data-id=\"5862cde\" data-element_type=\"widget\" data-widget_type=\"heading.default\">\n\t\t\t\t<div class=\"elementor-widget-container\">\n\t\t\t<p class=\"elementor-heading-title elementor-size-default\">\u00bfCu\u00e1l es la legitimaci\u00f3n para el tratamiento de sus datos?<\/p>\t\t<\/div>\n\t\t\t\t<\/div>\n\t\t\t\t<div class=\"elementor-element elementor-element-30cff61 elementor-widget elementor-widget-text-editor\" data-id=\"30cff61\" data-element_type=\"widget\" data-widget_type=\"text-editor.default\">\n\t\t\t\t<div class=\"elementor-widget-container\">\n\t\t\t\t\t\t\t<p>La existencia de una relaci\u00f3n contractual entre las partes, cumplimiento de obligaciones legales aplicables al Responsable y el consentimiento del interesado, que podr\u00e1 ser revocado en cualquier momento sin efectos retroactivos.<\/p>\n\t\t\t\t\t\t<\/div>\n\t\t\t\t<\/div>\n\t\t\t\t<div class=\"elementor-element elementor-element-a810bd1 elementor-widget elementor-widget-heading\" data-id=\"a810bd1\" data-element_type=\"widget\" data-widget_type=\"heading.default\">\n\t\t\t\t<div class=\"elementor-widget-container\">\n\t\t\t<p class=\"elementor-heading-title elementor-size-default\">\u00bfDurante cu\u00e1nto tiempo vamos a mantener los datos personales?<\/p>\t\t<\/div>\n\t\t\t\t<\/div>\n\t\t\t\t<div class=\"elementor-element elementor-element-079ab23 elementor-widget elementor-widget-text-editor\" data-id=\"079ab23\" data-element_type=\"widget\" data-widget_type=\"text-editor.default\">\n\t\t\t\t<div class=\"elementor-widget-container\">\n\t\t\t\t\t\t\t<p>Durante la vigencia de las relaciones entre las partes y, una vez finalizadas, debidamente bloqueados durante los plazos de prescripci\u00f3n derivados de las mismas. En el caso de tratamientos legitimados en el consentimiento, sus datos ser\u00e1n tratados hasta la revocaci\u00f3n del mismo. <\/p>\n\t\t\t\t\t\t<\/div>\n\t\t\t\t<\/div>\n\t\t\t\t<\/div>\n\t\t\t\t\t<\/details>\n\t\t\t\t\t\t<details id=\"e-n-accordion-item-8841\" class=\"e-n-accordion-item\" >\n\t\t\t\t<summary class=\"e-n-accordion-item-title\" data-accordion-index=\"2\" tabindex=\"-1\" aria-expanded=\"false\" aria-controls=\"e-n-accordion-item-8841\" >\n\t\t\t\t\t<span class='e-n-accordion-item-title-header'><div class=\"e-n-accordion-item-title-text\"> CONTACTOS DE LA WEB O DEL CORREO ELECTR\u00d3NICO <\/div><\/span>\n\t\t\t\t\t\t\t<span class='e-n-accordion-item-title-icon'>\n\t\t\t<span class='e-opened' ><svg aria-hidden=\"true\" class=\"e-font-icon-svg e-fas-minus\" viewBox=\"0 0 448 512\" xmlns=\"http:\/\/www.w3.org\/2000\/svg\"><path d=\"M416 208H32c-17.67 0-32 14.33-32 32v32c0 17.67 14.33 32 32 32h384c17.67 0 32-14.33 32-32v-32c0-17.67-14.33-32-32-32z\"><\/path><\/svg><\/span>\n\t\t\t<span class='e-closed'><svg aria-hidden=\"true\" class=\"e-font-icon-svg e-fas-plus\" viewBox=\"0 0 448 512\" xmlns=\"http:\/\/www.w3.org\/2000\/svg\"><path d=\"M416 208H272V64c0-17.67-14.33-32-32-32h-32c-17.67 0-32 14.33-32 32v144H32c-17.67 0-32 14.33-32 32v32c0 17.67 14.33 32 32 32h144v144c0 17.67 14.33 32 32 32h32c17.67 0 32-14.33 32-32V304h144c17.67 0 32-14.33 32-32v-32c0-17.67-14.33-32-32-32z\"><\/path><\/svg><\/span>\n\t\t<\/span>\n\n\t\t\t\t\t\t<\/summary>\n\t\t\t\t<div role=\"region\" aria-labelledby=\"e-n-accordion-item-8841\" class=\"elementor-element elementor-element-c89407d e-con-full e-flex e-con e-child\" data-id=\"c89407d\" data-element_type=\"container\">\n\t\t\t\t<div class=\"elementor-element elementor-element-e01a5e1 elementor-widget elementor-widget-heading\" data-id=\"e01a5e1\" data-element_type=\"widget\" data-widget_type=\"heading.default\">\n\t\t\t\t<div class=\"elementor-widget-container\">\n\t\t\t<p class=\"elementor-heading-title elementor-size-default\">\u00bfQu\u00e9 datos recopilamos a trav\u00e9s de la Web?<\/p>\t\t<\/div>\n\t\t\t\t<\/div>\n\t\t\t\t<div class=\"elementor-element elementor-element-5fdaf19 elementor-widget elementor-widget-text-editor\" data-id=\"5fdaf19\" data-element_type=\"widget\" data-widget_type=\"text-editor.default\">\n\t\t\t\t<div class=\"elementor-widget-container\">\n\t\t\t\t\t\t\t<p>Si nos facilita datos en el formulario de contacto, trataremos sus datos identificativos, de contacto y dem\u00e1s datos que nos comparta en el formulario. Adem\u00e1s, podremos tratar su IP, qu\u00e9 sistema operativo o navegador usa y la duraci\u00f3n de su visita, de forma seudonimizada.  <\/p>\n\t\t\t\t\t\t<\/div>\n\t\t\t\t<\/div>\n\t\t\t\t<div class=\"elementor-element elementor-element-bce87eb elementor-widget elementor-widget-heading\" data-id=\"bce87eb\" data-element_type=\"widget\" data-widget_type=\"heading.default\">\n\t\t\t\t<div class=\"elementor-widget-container\">\n\t\t\t<p class=\"elementor-heading-title elementor-size-default\">\u00bfCon qu\u00e9 finalidades vamos a tratar sus datos personales?<\/p>\t\t<\/div>\n\t\t\t\t<\/div>\n\t\t\t\t<div class=\"elementor-element elementor-element-b564253 elementor-widget elementor-widget-text-editor\" data-id=\"b564253\" data-element_type=\"widget\" data-widget_type=\"text-editor.default\">\n\t\t\t\t<div class=\"elementor-widget-container\">\n\t\t\t\t\t\t\t<ul>\n<li>Gestionar el servicio solicitado, contestar su solicitud o tramitar su petici\u00f3n.<\/li>\n<li>Informaci\u00f3n comercial o de eventos por medios electr\u00f3nicos.<\/li>\n<li>Realizar an\u00e1lisis y mejoras en la Web.<\/li>\n<\/ul>\n\t\t\t\t\t\t<\/div>\n\t\t\t\t<\/div>\n\t\t\t\t<div class=\"elementor-element elementor-element-a7f71db elementor-widget elementor-widget-heading\" data-id=\"a7f71db\" data-element_type=\"widget\" data-widget_type=\"heading.default\">\n\t\t\t\t<div class=\"elementor-widget-container\">\n\t\t\t<p class=\"elementor-heading-title elementor-size-default\">\u00bfCu\u00e1l es la legitimaci\u00f3n para el tratamiento de sus datos?<\/p>\t\t<\/div>\n\t\t\t\t<\/div>\n\t\t\t\t<div class=\"elementor-element elementor-element-f34dcab elementor-widget elementor-widget-text-editor\" data-id=\"f34dcab\" data-element_type=\"widget\" data-widget_type=\"text-editor.default\">\n\t\t\t\t<div class=\"elementor-widget-container\">\n\t\t\t\t\t\t\t<p>El consentimiento del usuario o la existencia de una relaci\u00f3n contractual entre las partes.<\/p>\n\t\t\t\t\t\t<\/div>\n\t\t\t\t<\/div>\n\t\t\t\t<div class=\"elementor-element elementor-element-d01bf55 elementor-widget elementor-widget-heading\" data-id=\"d01bf55\" data-element_type=\"widget\" data-widget_type=\"heading.default\">\n\t\t\t\t<div class=\"elementor-widget-container\">\n\t\t\t<p class=\"elementor-heading-title elementor-size-default\">\u00bfDurante cu\u00e1nto tiempo vamos a mantener los datos personales?<\/p>\t\t<\/div>\n\t\t\t\t<\/div>\n\t\t\t\t<div class=\"elementor-element elementor-element-9da7c21 elementor-widget elementor-widget-text-editor\" data-id=\"9da7c21\" data-element_type=\"widget\" data-widget_type=\"text-editor.default\">\n\t\t\t\t<div class=\"elementor-widget-container\">\n\t\t\t\t\t\t\t<p>Mientras permanezca vinculado con nosotros o hasta que ejercite alg\u00fan derecho que implique la supresi\u00f3n de sus datos.<\/p>\n\t\t\t\t\t\t<\/div>\n\t\t\t\t<\/div>\n\t\t\t\t<\/div>\n\t\t\t\t\t<\/details>\n\t\t\t\t\t\t<details id=\"e-n-accordion-item-8842\" class=\"e-n-accordion-item\" >\n\t\t\t\t<summary class=\"e-n-accordion-item-title\" data-accordion-index=\"3\" tabindex=\"-1\" aria-expanded=\"false\" aria-controls=\"e-n-accordion-item-8842\" >\n\t\t\t\t\t<span class='e-n-accordion-item-title-header'><div class=\"e-n-accordion-item-title-text\"> PROVEEDORES <\/div><\/span>\n\t\t\t\t\t\t\t<span class='e-n-accordion-item-title-icon'>\n\t\t\t<span class='e-opened' ><svg aria-hidden=\"true\" class=\"e-font-icon-svg e-fas-minus\" viewBox=\"0 0 448 512\" xmlns=\"http:\/\/www.w3.org\/2000\/svg\"><path d=\"M416 208H32c-17.67 0-32 14.33-32 32v32c0 17.67 14.33 32 32 32h384c17.67 0 32-14.33 32-32v-32c0-17.67-14.33-32-32-32z\"><\/path><\/svg><\/span>\n\t\t\t<span class='e-closed'><svg aria-hidden=\"true\" class=\"e-font-icon-svg e-fas-plus\" viewBox=\"0 0 448 512\" xmlns=\"http:\/\/www.w3.org\/2000\/svg\"><path d=\"M416 208H272V64c0-17.67-14.33-32-32-32h-32c-17.67 0-32 14.33-32 32v144H32c-17.67 0-32 14.33-32 32v32c0 17.67 14.33 32 32 32h144v144c0 17.67 14.33 32 32 32h32c17.67 0 32-14.33 32-32V304h144c17.67 0 32-14.33 32-32v-32c0-17.67-14.33-32-32-32z\"><\/path><\/svg><\/span>\n\t\t<\/span>\n\n\t\t\t\t\t\t<\/summary>\n\t\t\t\t<div role=\"region\" aria-labelledby=\"e-n-accordion-item-8842\" class=\"elementor-element elementor-element-498a05e e-con-full e-flex e-con e-child\" data-id=\"498a05e\" data-element_type=\"container\">\n\t\t\t\t<div class=\"elementor-element elementor-element-273ae77 elementor-widget elementor-widget-heading\" data-id=\"273ae77\" data-element_type=\"widget\" data-widget_type=\"heading.default\">\n\t\t\t\t<div class=\"elementor-widget-container\">\n\t\t\t<p class=\"elementor-heading-title elementor-size-default\">\u00bfQu\u00e9 datos personales tratamos?<\/p>\t\t<\/div>\n\t\t\t\t<\/div>\n\t\t\t\t<div class=\"elementor-element elementor-element-5daacea elementor-widget elementor-widget-text-editor\" data-id=\"5daacea\" data-element_type=\"widget\" data-widget_type=\"text-editor.default\">\n\t\t\t\t<div class=\"elementor-widget-container\">\n\t\t\t\t\t\t\t<p>Trataremos los datos identificativos y de contacto de los representantes de nuestros proveedores a efectos de gestionar la relaci\u00f3n contractual que tenemos con las personas jur\u00eddicas a quienes representan. <\/p>\n\t\t\t\t\t\t<\/div>\n\t\t\t\t<\/div>\n\t\t\t\t<div class=\"elementor-element elementor-element-445afa7 elementor-widget elementor-widget-heading\" data-id=\"445afa7\" data-element_type=\"widget\" data-widget_type=\"heading.default\">\n\t\t\t\t<div class=\"elementor-widget-container\">\n\t\t\t<p class=\"elementor-heading-title elementor-size-default\">\u00bfCon qu\u00e9 finalidades vamos a tratar sus datos personales?<\/p>\t\t<\/div>\n\t\t\t\t<\/div>\n\t\t\t\t<div class=\"elementor-element elementor-element-39c0f54 elementor-widget elementor-widget-text-editor\" data-id=\"39c0f54\" data-element_type=\"widget\" data-widget_type=\"text-editor.default\">\n\t\t\t\t<div class=\"elementor-widget-container\">\n\t\t\t\t\t\t\t<ul>\n<li>Elaboraci\u00f3n del presupuesto y seguimiento del mismo mediante comunicaciones entre ambas partes.<\/li>\n<li>Informaci\u00f3n por medios electr\u00f3nicos que versen sobre sus solicitudes.<\/li>\n<li>Informaci\u00f3n comercial o de eventos por medios electr\u00f3nicos, siempre que exista autorizaci\u00f3n expresa o est\u00e9 dentro de nuestro inter\u00e9s leg\u00edtimo.<\/li>\n<li>Facturaci\u00f3n y declaraci\u00f3n de los impuestos oportunos.<\/li>\n<\/ul>\n\t\t\t\t\t\t<\/div>\n\t\t\t\t<\/div>\n\t\t\t\t<div class=\"elementor-element elementor-element-b959831 elementor-widget elementor-widget-heading\" data-id=\"b959831\" data-element_type=\"widget\" data-widget_type=\"heading.default\">\n\t\t\t\t<div class=\"elementor-widget-container\">\n\t\t\t<p class=\"elementor-heading-title elementor-size-default\">\u00bfCu\u00e1l es la legitimaci\u00f3n para el tratamiento de sus datos?<\/p>\t\t<\/div>\n\t\t\t\t<\/div>\n\t\t\t\t<div class=\"elementor-element elementor-element-1ccb832 elementor-widget elementor-widget-text-editor\" data-id=\"1ccb832\" data-element_type=\"widget\" data-widget_type=\"text-editor.default\">\n\t\t\t\t<div class=\"elementor-widget-container\">\n\t\t\t\t\t\t\t<p>La existencia de una relaci\u00f3n contractual entre las partes. <\/p>\n\t\t\t\t\t\t<\/div>\n\t\t\t\t<\/div>\n\t\t\t\t<div class=\"elementor-element elementor-element-9b19a8b elementor-widget elementor-widget-heading\" data-id=\"9b19a8b\" data-element_type=\"widget\" data-widget_type=\"heading.default\">\n\t\t\t\t<div class=\"elementor-widget-container\">\n\t\t\t<p class=\"elementor-heading-title elementor-size-default\">\u00bfDurante cu\u00e1nto tiempo vamos a mantener los datos personales?<\/p>\t\t<\/div>\n\t\t\t\t<\/div>\n\t\t\t\t<div class=\"elementor-element elementor-element-668e6c6 elementor-widget elementor-widget-text-editor\" data-id=\"668e6c6\" data-element_type=\"widget\" data-widget_type=\"text-editor.default\">\n\t\t\t\t<div class=\"elementor-widget-container\">\n\t\t\t\t\t\t\t<p>Durante la vigencia de las relaciones entre las partes y, una vez finalizadas, debidamente bloqueados por los plazos de prescripci\u00f3n derivados de las mismas. <\/p>\n\t\t\t\t\t\t<\/div>\n\t\t\t\t<\/div>\n\t\t\t\t<\/div>\n\t\t\t\t\t<\/details>\n\t\t\t\t\t\t<details id=\"e-n-accordion-item-8843\" class=\"e-n-accordion-item\" >\n\t\t\t\t<summary class=\"e-n-accordion-item-title\" data-accordion-index=\"4\" tabindex=\"-1\" aria-expanded=\"false\" aria-controls=\"e-n-accordion-item-8843\" >\n\t\t\t\t\t<span class='e-n-accordion-item-title-header'><div class=\"e-n-accordion-item-title-text\"> CONTACTOS DEL NEWSLETTER <\/div><\/span>\n\t\t\t\t\t\t\t<span class='e-n-accordion-item-title-icon'>\n\t\t\t<span class='e-opened' ><svg aria-hidden=\"true\" class=\"e-font-icon-svg e-fas-minus\" viewBox=\"0 0 448 512\" xmlns=\"http:\/\/www.w3.org\/2000\/svg\"><path d=\"M416 208H32c-17.67 0-32 14.33-32 32v32c0 17.67 14.33 32 32 32h384c17.67 0 32-14.33 32-32v-32c0-17.67-14.33-32-32-32z\"><\/path><\/svg><\/span>\n\t\t\t<span class='e-closed'><svg aria-hidden=\"true\" class=\"e-font-icon-svg e-fas-plus\" viewBox=\"0 0 448 512\" xmlns=\"http:\/\/www.w3.org\/2000\/svg\"><path d=\"M416 208H272V64c0-17.67-14.33-32-32-32h-32c-17.67 0-32 14.33-32 32v144H32c-17.67 0-32 14.33-32 32v32c0 17.67 14.33 32 32 32h144v144c0 17.67 14.33 32 32 32h32c17.67 0 32-14.33 32-32V304h144c17.67 0 32-14.33 32-32v-32c0-17.67-14.33-32-32-32z\"><\/path><\/svg><\/span>\n\t\t<\/span>\n\n\t\t\t\t\t\t<\/summary>\n\t\t\t\t<div role=\"region\" aria-labelledby=\"e-n-accordion-item-8843\" class=\"elementor-element elementor-element-fab364d e-con-full e-flex e-con e-child\" data-id=\"fab364d\" data-element_type=\"container\">\n\t\t\t\t<div class=\"elementor-element elementor-element-60902ee elementor-widget elementor-widget-heading\" data-id=\"60902ee\" data-element_type=\"widget\" data-widget_type=\"heading.default\">\n\t\t\t\t<div class=\"elementor-widget-container\">\n\t\t\t<p class=\"elementor-heading-title elementor-size-default\">\u00bfQu\u00e9 datos recopilamos a trav\u00e9s del Newsletter?<\/p>\t\t<\/div>\n\t\t\t\t<\/div>\n\t\t\t\t<div class=\"elementor-element elementor-element-d6d722e elementor-widget elementor-widget-text-editor\" data-id=\"d6d722e\" data-element_type=\"widget\" data-widget_type=\"text-editor.default\">\n\t\t\t\t<div class=\"elementor-widget-container\">\n\t\t\t\t\t\t\t<p>Datos identificativos (nombre y apellido) y de contacto (direcci\u00f3n email). <\/p>\n\t\t\t\t\t\t<\/div>\n\t\t\t\t<\/div>\n\t\t\t\t<div class=\"elementor-element elementor-element-0b66bd2 elementor-widget elementor-widget-heading\" data-id=\"0b66bd2\" data-element_type=\"widget\" data-widget_type=\"heading.default\">\n\t\t\t\t<div class=\"elementor-widget-container\">\n\t\t\t<p class=\"elementor-heading-title elementor-size-default\">\u00bfCon qu\u00e9 finalidades vamos a tratar sus datos personales? <\/p>\t\t<\/div>\n\t\t\t\t<\/div>\n\t\t\t\t<div class=\"elementor-element elementor-element-308d79e elementor-widget elementor-widget-text-editor\" data-id=\"308d79e\" data-element_type=\"widget\" data-widget_type=\"text-editor.default\">\n\t\t\t\t<div class=\"elementor-widget-container\">\n\t\t\t\t\t\t\t<p>Env\u00edo peri\u00f3dico de novedades, promociones e informaci\u00f3n de inter\u00e9s. <\/p>\n\t\t\t\t\t\t<\/div>\n\t\t\t\t<\/div>\n\t\t\t\t<div class=\"elementor-element elementor-element-9b0d63c elementor-widget elementor-widget-heading\" data-id=\"9b0d63c\" data-element_type=\"widget\" data-widget_type=\"heading.default\">\n\t\t\t\t<div class=\"elementor-widget-container\">\n\t\t\t<p class=\"elementor-heading-title elementor-size-default\">\u00bfCu\u00e1l es la legitimaci\u00f3n para el tratamiento de sus datos? <\/p>\t\t<\/div>\n\t\t\t\t<\/div>\n\t\t\t\t<div class=\"elementor-element elementor-element-c94d413 elementor-widget elementor-widget-text-editor\" data-id=\"c94d413\" data-element_type=\"widget\" data-widget_type=\"text-editor.default\">\n\t\t\t\t<div class=\"elementor-widget-container\">\n\t\t\t\t\t\t\t<p>Su consentimiento. <\/p>\n\t\t\t\t\t\t<\/div>\n\t\t\t\t<\/div>\n\t\t\t\t<div class=\"elementor-element elementor-element-024f538 elementor-widget elementor-widget-heading\" data-id=\"024f538\" data-element_type=\"widget\" data-widget_type=\"heading.default\">\n\t\t\t\t<div class=\"elementor-widget-container\">\n\t\t\t<p class=\"elementor-heading-title elementor-size-default\">\u00bfDurante cu\u00e1nto tiempo vamos a mantener los datos personales? <\/p>\t\t<\/div>\n\t\t\t\t<\/div>\n\t\t\t\t<div class=\"elementor-element elementor-element-3659393 elementor-widget elementor-widget-text-editor\" data-id=\"3659393\" data-element_type=\"widget\" data-widget_type=\"text-editor.default\">\n\t\t\t\t<div class=\"elementor-widget-container\">\n\t\t\t\t\t\t\t<p>Hasta la revocaci\u00f3n del consentimiento otorgado, que podr\u00e1 efectuarse en cualquier momento sin efectos retroactivos.<\/p>\n\t\t\t\t\t\t<\/div>\n\t\t\t\t<\/div>\n\t\t\t\t<\/div>\n\t\t\t\t\t<\/details>\n\t\t\t\t\t\t<details id=\"e-n-accordion-item-8844\" class=\"e-n-accordion-item\" >\n\t\t\t\t<summary class=\"e-n-accordion-item-title\" data-accordion-index=\"5\" tabindex=\"-1\" aria-expanded=\"false\" aria-controls=\"e-n-accordion-item-8844\" >\n\t\t\t\t\t<span class='e-n-accordion-item-title-header'><div class=\"e-n-accordion-item-title-text\"> DEMANDANTES DE EMPLEO <\/div><\/span>\n\t\t\t\t\t\t\t<span class='e-n-accordion-item-title-icon'>\n\t\t\t<span class='e-opened' ><svg aria-hidden=\"true\" class=\"e-font-icon-svg e-fas-minus\" viewBox=\"0 0 448 512\" xmlns=\"http:\/\/www.w3.org\/2000\/svg\"><path d=\"M416 208H32c-17.67 0-32 14.33-32 32v32c0 17.67 14.33 32 32 32h384c17.67 0 32-14.33 32-32v-32c0-17.67-14.33-32-32-32z\"><\/path><\/svg><\/span>\n\t\t\t<span class='e-closed'><svg aria-hidden=\"true\" class=\"e-font-icon-svg e-fas-plus\" viewBox=\"0 0 448 512\" xmlns=\"http:\/\/www.w3.org\/2000\/svg\"><path d=\"M416 208H272V64c0-17.67-14.33-32-32-32h-32c-17.67 0-32 14.33-32 32v144H32c-17.67 0-32 14.33-32 32v32c0 17.67 14.33 32 32 32h144v144c0 17.67 14.33 32 32 32h32c17.67 0 32-14.33 32-32V304h144c17.67 0 32-14.33 32-32v-32c0-17.67-14.33-32-32-32z\"><\/path><\/svg><\/span>\n\t\t<\/span>\n\n\t\t\t\t\t\t<\/summary>\n\t\t\t\t<div role=\"region\" aria-labelledby=\"e-n-accordion-item-8844\" class=\"elementor-element elementor-element-3300a77 e-flex e-con-boxed e-con e-child\" data-id=\"3300a77\" data-element_type=\"container\">\n\t\t\t\t\t<div class=\"e-con-inner\">\n\t\t\t\t<div class=\"elementor-element elementor-element-84a6142 elementor-widget elementor-widget-heading\" data-id=\"84a6142\" data-element_type=\"widget\" data-widget_type=\"heading.default\">\n\t\t\t\t<div class=\"elementor-widget-container\">\n\t\t\t<p class=\"elementor-heading-title elementor-size-default\">\u00bfQu\u00e9 datos personales tratamos? <\/p>\t\t<\/div>\n\t\t\t\t<\/div>\n\t\t\t\t<div class=\"elementor-element elementor-element-47de1e3 elementor-widget elementor-widget-text-editor\" data-id=\"47de1e3\" data-element_type=\"widget\" data-widget_type=\"text-editor.default\">\n\t\t\t\t<div class=\"elementor-widget-container\">\n\t\t\t\t\t\t\t<p>Trataremos los datos que comparta con nosotros en el marco del proceso de selecci\u00f3n o candidatura espont\u00e1nea. Por lo general, trataremos sus datos identificativos, datos de contacto y datos relativos a su experiencia profesional y\/o acad\u00e9mica.  <\/p>\n\t\t\t\t\t\t<\/div>\n\t\t\t\t<\/div>\n\t\t\t\t<div class=\"elementor-element elementor-element-9f9c6ea elementor-widget elementor-widget-heading\" data-id=\"9f9c6ea\" data-element_type=\"widget\" data-widget_type=\"heading.default\">\n\t\t\t\t<div class=\"elementor-widget-container\">\n\t\t\t<p class=\"elementor-heading-title elementor-size-default\">\u00bfCon qu\u00e9 finalidades vamos a tratar sus datos personales?<\/p>\t\t<\/div>\n\t\t\t\t<\/div>\n\t\t\t\t<div class=\"elementor-element elementor-element-3e71589 elementor-widget elementor-widget-text-editor\" data-id=\"3e71589\" data-element_type=\"widget\" data-widget_type=\"text-editor.default\">\n\t\t\t\t<div class=\"elementor-widget-container\">\n\t\t\t\t\t\t\t<ul>\n<li>Organizaci\u00f3n de procesos de selecci\u00f3n para la contrataci\u00f3n de empleados.<\/li>\n<li>Citarle para entrevistas de trabajo y evaluar su candidatura.<\/li>\n<\/ul>\n\t\t\t\t\t\t<\/div>\n\t\t\t\t<\/div>\n\t\t\t\t<div class=\"elementor-element elementor-element-9613c36 elementor-widget elementor-widget-heading\" data-id=\"9613c36\" data-element_type=\"widget\" data-widget_type=\"heading.default\">\n\t\t\t\t<div class=\"elementor-widget-container\">\n\t\t\t<p class=\"elementor-heading-title elementor-size-default\">\u00bfCu\u00e1l es la legitimaci\u00f3n para el tratamiento de sus datos?<\/p>\t\t<\/div>\n\t\t\t\t<\/div>\n\t\t\t\t<div class=\"elementor-element elementor-element-8892279 elementor-widget elementor-widget-text-editor\" data-id=\"8892279\" data-element_type=\"widget\" data-widget_type=\"text-editor.default\">\n\t\t\t\t<div class=\"elementor-widget-container\">\n\t\t\t\t\t\t\t<p>La base legal del tratamiento es la necesidad del mismo para la ejecuci\u00f3n de un contrato de naturaleza laboral, siendo el proceso de selecci\u00f3n una medida precontractual. <\/p>\n\t\t\t\t\t\t<\/div>\n\t\t\t\t<\/div>\n\t\t\t\t<div class=\"elementor-element elementor-element-9049a7a elementor-widget elementor-widget-heading\" data-id=\"9049a7a\" data-element_type=\"widget\" data-widget_type=\"heading.default\">\n\t\t\t\t<div class=\"elementor-widget-container\">\n\t\t\t<p class=\"elementor-heading-title elementor-size-default\">\u00bfDurante cu\u00e1nto tiempo vamos a mantener los datos personales? <\/p>\t\t<\/div>\n\t\t\t\t<\/div>\n\t\t\t\t<div class=\"elementor-element elementor-element-a0f793d elementor-widget elementor-widget-text-editor\" data-id=\"a0f793d\" data-element_type=\"widget\" data-widget_type=\"text-editor.default\">\n\t\t\t\t<div class=\"elementor-widget-container\">\n\t\t\t\t\t\t\t<p>Hasta la finalizaci\u00f3n del proceso de selecci\u00f3n y, en todo caso, por el plazo m\u00e1ximo de 1 a\u00f1o.<\/p>\n\t\t\t\t\t\t<\/div>\n\t\t\t\t<\/div>\n\t\t\t\t\t<\/div>\n\t\t\t\t<\/div>\n\t\t\t\t\t<\/details>\n\t\t\t\t\t\t<details id=\"e-n-accordion-item-8845\" class=\"e-n-accordion-item\" >\n\t\t\t\t<summary class=\"e-n-accordion-item-title\" data-accordion-index=\"6\" tabindex=\"-1\" aria-expanded=\"false\" aria-controls=\"e-n-accordion-item-8845\" >\n\t\t\t\t\t<span class='e-n-accordion-item-title-header'><div class=\"e-n-accordion-item-title-text\"> VIDEOVIGILANCIA <\/div><\/span>\n\t\t\t\t\t\t\t<span class='e-n-accordion-item-title-icon'>\n\t\t\t<span class='e-opened' ><svg aria-hidden=\"true\" class=\"e-font-icon-svg e-fas-minus\" viewBox=\"0 0 448 512\" xmlns=\"http:\/\/www.w3.org\/2000\/svg\"><path d=\"M416 208H32c-17.67 0-32 14.33-32 32v32c0 17.67 14.33 32 32 32h384c17.67 0 32-14.33 32-32v-32c0-17.67-14.33-32-32-32z\"><\/path><\/svg><\/span>\n\t\t\t<span class='e-closed'><svg aria-hidden=\"true\" class=\"e-font-icon-svg e-fas-plus\" viewBox=\"0 0 448 512\" xmlns=\"http:\/\/www.w3.org\/2000\/svg\"><path d=\"M416 208H272V64c0-17.67-14.33-32-32-32h-32c-17.67 0-32 14.33-32 32v144H32c-17.67 0-32 14.33-32 32v32c0 17.67 14.33 32 32 32h144v144c0 17.67 14.33 32 32 32h32c17.67 0 32-14.33 32-32V304h144c17.67 0 32-14.33 32-32v-32c0-17.67-14.33-32-32-32z\"><\/path><\/svg><\/span>\n\t\t<\/span>\n\n\t\t\t\t\t\t<\/summary>\n\t\t\t\t<div role=\"region\" aria-labelledby=\"e-n-accordion-item-8845\" class=\"elementor-element elementor-element-7694b4b e-flex e-con-boxed e-con e-child\" data-id=\"7694b4b\" data-element_type=\"container\">\n\t\t\t\t\t<div class=\"e-con-inner\">\n\t\t\t\t<div class=\"elementor-element elementor-element-11c45d5 elementor-widget elementor-widget-heading\" data-id=\"11c45d5\" data-element_type=\"widget\" data-widget_type=\"heading.default\">\n\t\t\t\t<div class=\"elementor-widget-container\">\n\t\t\t<p class=\"elementor-heading-title elementor-size-default\">\u00bfQu\u00e9 datos personales tratamos? <\/p>\t\t<\/div>\n\t\t\t\t<\/div>\n\t\t\t\t<div class=\"elementor-element elementor-element-a566bac elementor-widget elementor-widget-text-editor\" data-id=\"a566bac\" data-element_type=\"widget\" data-widget_type=\"text-editor.default\">\n\t\t\t\t<div class=\"elementor-widget-container\">\n\t\t\t\t\t\t\t<p>Trataremos su imagen y en el caso de disponer de c\u00e1maras exteriores o en el parking trataremos la matr\u00edcula de su veh\u00edculo. <\/p>\n\t\t\t\t\t\t<\/div>\n\t\t\t\t<\/div>\n\t\t\t\t<div class=\"elementor-element elementor-element-6726de2 elementor-widget elementor-widget-heading\" data-id=\"6726de2\" data-element_type=\"widget\" data-widget_type=\"heading.default\">\n\t\t\t\t<div class=\"elementor-widget-container\">\n\t\t\t<p class=\"elementor-heading-title elementor-size-default\">\u00bfCon qu\u00e9 finalidades vamos a tratar sus datos personales?<\/p>\t\t<\/div>\n\t\t\t\t<\/div>\n\t\t\t\t<div class=\"elementor-element elementor-element-bb400f4 elementor-widget elementor-widget-text-editor\" data-id=\"bb400f4\" data-element_type=\"widget\" data-widget_type=\"text-editor.default\">\n\t\t\t\t<div class=\"elementor-widget-container\">\n\t\t\t\t\t\t\t<p>Garantizar la seguridad de los bienes, instalaciones y personas. <\/p>\n\t\t\t\t\t\t<\/div>\n\t\t\t\t<\/div>\n\t\t\t\t<div class=\"elementor-element elementor-element-1a9a054 elementor-widget elementor-widget-heading\" data-id=\"1a9a054\" data-element_type=\"widget\" data-widget_type=\"heading.default\">\n\t\t\t\t<div class=\"elementor-widget-container\">\n\t\t\t<p class=\"elementor-heading-title elementor-size-default\">\u00bfCu\u00e1l es la legitimaci\u00f3n para el tratamiento de sus datos? <\/p>\t\t<\/div>\n\t\t\t\t<\/div>\n\t\t\t\t<div class=\"elementor-element elementor-element-8d828a0 elementor-widget elementor-widget-text-editor\" data-id=\"8d828a0\" data-element_type=\"widget\" data-widget_type=\"text-editor.default\">\n\t\t\t\t<div class=\"elementor-widget-container\">\n\t\t\t\t\t\t\t<p>La base legal del tratamiento es el ejercicio de poderes p\u00fablicos en garantizar la seguridad. <\/p>\n\t\t\t\t\t\t<\/div>\n\t\t\t\t<\/div>\n\t\t\t\t<div class=\"elementor-element elementor-element-84860b3 elementor-widget elementor-widget-heading\" data-id=\"84860b3\" data-element_type=\"widget\" data-widget_type=\"heading.default\">\n\t\t\t\t<div class=\"elementor-widget-container\">\n\t\t\t<p class=\"elementor-heading-title elementor-size-default\">\u00bfDurante cu\u00e1nto tiempo vamos a mantener los datos personales? <\/p>\t\t<\/div>\n\t\t\t\t<\/div>\n\t\t\t\t<div class=\"elementor-element elementor-element-9469d85 elementor-widget elementor-widget-text-editor\" data-id=\"9469d85\" data-element_type=\"widget\" data-widget_type=\"text-editor.default\">\n\t\t\t\t<div class=\"elementor-widget-container\">\n\t\t\t\t\t\t\t<p>Por el plazo de 1 mes desde su captaci\u00f3n, salvo en caso de incidentes, en cuyo caso se podr\u00e1n guardar por un plazo superior hasta la finalizaci\u00f3n del incidente o hasta la comunicaci\u00f3n de las grabaciones a las Fuerzas y Cuerpos de Seguridad del Estado o autoridades competentes.<\/p>\n\t\t\t\t\t\t<\/div>\n\t\t\t\t<\/div>\n\t\t\t\t\t<\/div>\n\t\t\t\t<\/div>\n\t\t\t\t\t<\/details>\n\t\t\t\t\t<\/div>\n\t\t\t\t<\/div>\n\t\t\t\t<\/div>\n\t\t\t\t\t<\/div>\n\t\t\t\t<\/div>\n\t\t\t\t<div class=\"elementor-element elementor-element-c3bb788 elementor-widget-divider--view-line_text elementor-widget-divider--element-align-left elementor-widget elementor-widget-divider\" data-id=\"c3bb788\" data-element_type=\"widget\" data-widget_type=\"divider.default\">\n\t\t\t\t<div class=\"elementor-widget-container\">\n\t\t\t\t\t<div class=\"elementor-divider\">\n\t\t\t<span class=\"elementor-divider-separator\">\n\t\t\t\t\t\t\t<h2 class=\"elementor-divider__text elementor-divider__element\">\n\t\t\t\tInformaci\u00f3n adicional sobre <font color=\"#b0d4ff\">los tratamientos de sus datos:<\/font> \t\t\t\t<\/h2>\n\t\t\t\t\t\t<\/span>\n\t\t<\/div>\n\t\t\t\t<\/div>\n\t\t\t\t<\/div>\n\t\t<div class=\"elementor-element elementor-element-94248c8 e-con-full e-flex e-con e-child\" data-id=\"94248c8\" data-element_type=\"container\">\n\t\t\t\t<div class=\"elementor-element elementor-element-7295a3b elementor-widget elementor-widget-heading\" data-id=\"7295a3b\" data-element_type=\"widget\" data-widget_type=\"heading.default\">\n\t\t\t\t<div class=\"elementor-widget-container\">\n\t\t\t<p class=\"elementor-heading-title elementor-size-default\">\u00bfIncluimos datos personales de terceras personas?<\/p>\t\t<\/div>\n\t\t\t\t<\/div>\n\t\t\t\t<div class=\"elementor-element elementor-element-7af4806 elementor-widget elementor-widget-text-editor\" data-id=\"7af4806\" data-element_type=\"widget\" data-widget_type=\"text-editor.default\">\n\t\t\t\t<div class=\"elementor-widget-container\">\n\t\t\t\t\t\t\t<p>No, como norma general s\u00f3lo tratamos los datos que nos facilitan los titulares. Si nos aporta datos de terceros, deber\u00e1 con car\u00e1cter previo informar y solicitar su consentimiento a dichas personas, o de lo contrario nos exime de cualquier responsabilidad por el incumplimiento de este requisito. <\/p>\n\t\t\t\t\t\t<\/div>\n\t\t\t\t<\/div>\n\t\t\t\t<div class=\"elementor-element elementor-element-e494016 elementor-widget elementor-widget-heading\" data-id=\"e494016\" data-element_type=\"widget\" data-widget_type=\"heading.default\">\n\t\t\t\t<div class=\"elementor-widget-container\">\n\t\t\t<p class=\"elementor-heading-title elementor-size-default\">\u00bfQu\u00e9 medidas de seguridad aplicamos?<\/p>\t\t<\/div>\n\t\t\t\t<\/div>\n\t\t\t\t<div class=\"elementor-element elementor-element-6ae0d1e elementor-widget elementor-widget-text-editor\" data-id=\"6ae0d1e\" data-element_type=\"widget\" data-widget_type=\"text-editor.default\">\n\t\t\t\t<div class=\"elementor-widget-container\">\n\t\t\t\t\t\t\t<p>Puede estar tranquilo: Hemos adoptado un nivel \u00f3ptimo de protecci\u00f3n de los datos personales que manejamos y hemos instalado todos los medios y medidas t\u00e9cnicas a nuestra disposici\u00f3n seg\u00fan el estado de la tecnolog\u00eda para evitar la p\u00e9rdida, mal uso, alteraci\u00f3n, acceso no autorizado y robo.<\/p>\n\t\t\t\t\t\t<\/div>\n\t\t\t\t<\/div>\n\t\t\t\t<div class=\"elementor-element elementor-element-467cc59 elementor-widget elementor-widget-heading\" data-id=\"467cc59\" data-element_type=\"widget\" data-widget_type=\"heading.default\">\n\t\t\t\t<div class=\"elementor-widget-container\">\n\t\t\t<p class=\"elementor-heading-title elementor-size-default\">\u00bfA qu\u00e9 destinatarios se comunicar\u00e1n sus datos?<\/p>\t\t<\/div>\n\t\t\t\t<\/div>\n\t\t\t\t<div class=\"elementor-element elementor-element-6e40cc8 elementor-widget elementor-widget-text-editor\" data-id=\"6e40cc8\" data-element_type=\"widget\" data-widget_type=\"text-editor.default\">\n\t\t\t\t<div class=\"elementor-widget-container\">\n\t\t\t\t\t\t\t<p>Sus datos no se ceder\u00e1n a terceros, salvo obligaci\u00f3n legal. No obstante lo anterior, sus datos podr\u00e1n ser comunicados a la Agencia Estatal de la Administraci\u00f3n Tributaria y a bancos y entidades financieras para el cobro del servicio prestado o producto adquirido, as\u00ed como a los encargados del tratamiento necesarios para la ejecuci\u00f3n del acuerdo, con quienes suscribiremos el correspondiente acuerdo de encargo en los t\u00e9rminos del art. 28 del RGPD.  <\/p>\n\t\t\t\t\t\t<\/div>\n\t\t\t\t<\/div>\n\t\t\t\t<div class=\"elementor-element elementor-element-26479c1 elementor-widget elementor-widget-heading\" data-id=\"26479c1\" data-element_type=\"widget\" data-widget_type=\"heading.default\">\n\t\t\t\t<div class=\"elementor-widget-container\">\n\t\t\t<p class=\"elementor-heading-title elementor-size-default\">\u00bfQu\u00e9 Derechos tiene?<\/p>\t\t<\/div>\n\t\t\t\t<\/div>\n\t\t\t\t<div class=\"elementor-element elementor-element-7a7cac6 elementor-widget elementor-widget-text-editor\" data-id=\"7a7cac6\" data-element_type=\"widget\" data-widget_type=\"text-editor.default\">\n\t\t\t\t<div class=\"elementor-widget-container\">\n\t\t\t\t\t\t\t<ul>\n<li>A acceder a sus datos personales.<\/li>\n<li>A solicitar la rectificaci\u00f3n de sus datos si estos son inexactos.<\/li>\n<li>A solicitar la supresi\u00f3n de sus datos.<\/li>\n<li>A retirar los consentimientos otorgados.<\/li>\n<li>A solicitar la limitaci\u00f3n del tratamiento de sus datos.<\/li>\n<li>A no ser objeto de decisiones automatizadas.<\/li>\n<li>A portar sus datos, que le ser\u00e1n facilitados en un formato estructurado, de uso com\u00fan o lectura mec\u00e1nica.<\/li>\n<li>A presentar una reclamaci\u00f3n ante la Agencia Espa\u00f1ola de Protecci\u00f3n de Datos (<a href=\"http:\/\/www.aepd.es\" target=\"_blank\" rel=\"noopener\">www.aepd.es<\/a>).<\/li>\n<\/ul>\n<p>Si modifica alg\u00fan dato, le agradecemos que nos lo comunique para mantenerlos actualizados.<\/p>\n\t\t\t\t\t\t<\/div>\n\t\t\t\t<\/div>\n\t\t\t\t<div class=\"elementor-element elementor-element-38418cc elementor-widget elementor-widget-heading\" data-id=\"38418cc\" data-element_type=\"widget\" data-widget_type=\"heading.default\">\n\t\t\t\t<div class=\"elementor-widget-container\">\n\t\t\t<p class=\"elementor-heading-title elementor-size-default\">\u00bfC\u00f3mo ejercer sus derechos? <\/p>\t\t<\/div>\n\t\t\t\t<\/div>\n\t\t\t\t<div class=\"elementor-element elementor-element-e085d54 elementor-widget elementor-widget-text-editor\" data-id=\"e085d54\" data-element_type=\"widget\" data-widget_type=\"text-editor.default\">\n\t\t\t\t<div class=\"elementor-widget-container\">\n\t\t\t\t\t\t\t<ul>\n<li>Tenemos formularios para el ejercicio de sus derechos, puede pedirlos por email o, si lo prefiere, puede usar los elaborados por la Agencia Espa\u00f1ola de Protecci\u00f3n de Datos o terceros.<\/li>\n<li>Los formularios pueden ser presentados presencialmente, enviados por carta o por mail en la direcci\u00f3n del Responsable, disponible al inicio de este texto.<\/li>\n<li>En caso de que exista una duda razonable sobre su identidad, nos veremos obligados a pedirle que se identifique para atender a su solicitud.<\/li>\n<\/ul>\n\t\t\t\t\t\t<\/div>\n\t\t\t\t<\/div>\n\t\t\t\t<div class=\"elementor-element elementor-element-b5adfcd elementor-widget elementor-widget-heading\" data-id=\"b5adfcd\" data-element_type=\"widget\" data-widget_type=\"heading.default\">\n\t\t\t\t<div class=\"elementor-widget-container\">\n\t\t\t<p class=\"elementor-heading-title elementor-size-default\">\u00bfCu\u00e1nto tardamos en contestar al Ejercicio de derechos?<\/p>\t\t<\/div>\n\t\t\t\t<\/div>\n\t\t\t\t<div class=\"elementor-element elementor-element-28bc28f elementor-widget elementor-widget-text-editor\" data-id=\"28bc28f\" data-element_type=\"widget\" data-widget_type=\"text-editor.default\">\n\t\t\t\t<div class=\"elementor-widget-container\">\n\t\t\t\t\t\t\t<p>Un mes desde la recepci\u00f3n, prorrogable por dos meses adicionales, siempre que el ejercicio del derecho lo requiera debido a su complejidad, notific\u00e1ndoselo en tiempo y forma. <\/p>\n\t\t\t\t\t\t<\/div>\n\t\t\t\t<\/div>\n\t\t\t\t<div class=\"elementor-element elementor-element-485a15a elementor-widget elementor-widget-heading\" data-id=\"485a15a\" data-element_type=\"widget\" data-widget_type=\"heading.default\">\n\t\t\t\t<div class=\"elementor-widget-container\">\n\t\t\t<p class=\"elementor-heading-title elementor-size-default\">\u00bfTratamos cookies?<\/p>\t\t<\/div>\n\t\t\t\t<\/div>\n\t\t\t\t<div class=\"elementor-element elementor-element-ddc5677 elementor-widget elementor-widget-text-editor\" data-id=\"ddc5677\" data-element_type=\"widget\" data-widget_type=\"text-editor.default\">\n\t\t\t\t<div class=\"elementor-widget-container\">\n\t\t\t\t\t\t\t<p>Si usamos otro tipo de cookies que no sean las necesarias, podr\u00e1 consultar la Pol\u00edtica de Cookies en el enlace correspondiente, disponible en el inicio de nuestra web.<\/p>\n\t\t\t\t\t\t<\/div>\n\t\t\t\t<\/div>\n\t\t\t\t<\/div>\n\t\t\t\t\t<\/div>\n\t\t\t\t<\/div>\n\t\t\t\t<\/div>\n\t\t","protected":false},"excerpt":{"rendered":"<p>Pol\u00edtica de Privacidad International School of Madrid La Pol\u00edtica de Privacidad forma parte de las Condiciones Generales que rigen la presente Web. \u00bfQui\u00e9n es el responsable del tratamiento de sus datos? COLEGIO INTERNACIONAL DE MADRID, S.L. B78037751 Domicilio: Cuesta del Sagrado Coraz\u00f3n, 2 (28016 Madrid) Delegado de Protecci\u00f3n de Datos: dp@internationalschoolofmadrid.com Nos reservamos el derecho [&hellip;]<\/p>\n","protected":false},"author":1,"featured_media":0,"parent":0,"menu_order":0,"comment_status":"closed","ping_status":"closed","template":"","meta":{"footnotes":""},"class_list":["post-1913","page","type-page","status-publish","hentry"],"yoast_head":"<!-- This site is optimized with the Yoast SEO plugin v24.0 - https:\/\/yoast.com\/wordpress\/plugins\/seo\/ -->\n<title>Pol\u00edtica de Privacidad - International School of Madrid<\/title>\n<meta name=\"robots\" content=\"noindex, follow\" \/>\n<meta property=\"og:locale\" content=\"es_ES\" \/>\n<meta property=\"og:type\" content=\"article\" \/>\n<meta property=\"og:title\" content=\"Pol\u00edtica de Privacidad - International School of Madrid\" \/>\n<meta property=\"og:description\" content=\"Pol\u00edtica de Privacidad International School of Madrid La Pol\u00edtica de Privacidad forma parte de las Condiciones Generales que rigen la presente Web. \u00bfQui\u00e9n es el responsable del tratamiento de sus datos? COLEGIO INTERNACIONAL DE MADRID, S.L. B78037751 Domicilio: Cuesta del Sagrado Coraz\u00f3n, 2 (28016 Madrid) Delegado de Protecci\u00f3n de Datos: dp@internationalschoolofmadrid.com Nos reservamos el derecho [&hellip;]\" \/>\n<meta property=\"og:url\" content=\"https:\/\/internationalschoolofmadrid.com\/es\/privacy-policy\/\" \/>\n<meta property=\"og:site_name\" content=\"International School of Madrid\" \/>\n<meta property=\"article:modified_time\" content=\"2024-11-08T10:01:25+00:00\" \/>\n<meta name=\"twitter:card\" content=\"summary_large_image\" \/>\n<meta name=\"twitter:label1\" content=\"Tiempo de lectura\" \/>\n\t<meta name=\"twitter:data1\" content=\"12 minutos\" \/>\n<script type=\"application\/ld+json\" class=\"yoast-schema-graph\">{\"@context\":\"https:\/\/schema.org\",\"@graph\":[{\"@type\":\"WebPage\",\"@id\":\"https:\/\/internationalschoolofmadrid.com\/es\/privacy-policy\/\",\"url\":\"https:\/\/internationalschoolofmadrid.com\/es\/privacy-policy\/\",\"name\":\"Pol\u00edtica de Privacidad - International School of Madrid\",\"isPartOf\":{\"@id\":\"https:\/\/internationalschoolofmadrid.com\/es\/#website\"},\"datePublished\":\"2024-06-17T08:14:13+00:00\",\"dateModified\":\"2024-11-08T10:01:25+00:00\",\"breadcrumb\":{\"@id\":\"https:\/\/internationalschoolofmadrid.com\/es\/privacy-policy\/#breadcrumb\"},\"inLanguage\":\"es\",\"potentialAction\":[{\"@type\":\"ReadAction\",\"target\":[\"https:\/\/internationalschoolofmadrid.com\/es\/privacy-policy\/\"]}]},{\"@type\":\"BreadcrumbList\",\"@id\":\"https:\/\/internationalschoolofmadrid.com\/es\/privacy-policy\/#breadcrumb\",\"itemListElement\":[{\"@type\":\"ListItem\",\"position\":1,\"name\":\"Portada\",\"item\":\"https:\/\/internationalschoolofmadrid.com\/es\/inicio\/\"},{\"@type\":\"ListItem\",\"position\":2,\"name\":\"Pol\u00edtica de Privacidad\"}]},{\"@type\":\"WebSite\",\"@id\":\"https:\/\/internationalschoolofmadrid.com\/es\/#website\",\"url\":\"https:\/\/internationalschoolofmadrid.com\/es\/\",\"name\":\"International School of Madrid\",\"description\":\"\",\"publisher\":{\"@id\":\"https:\/\/internationalschoolofmadrid.com\/es\/#organization\"},\"potentialAction\":[{\"@type\":\"SearchAction\",\"target\":{\"@type\":\"EntryPoint\",\"urlTemplate\":\"https:\/\/internationalschoolofmadrid.com\/es\/?s={search_term_string}\"},\"query-input\":{\"@type\":\"PropertyValueSpecification\",\"valueRequired\":true,\"valueName\":\"search_term_string\"}}],\"inLanguage\":\"es\"},{\"@type\":\"Organization\",\"@id\":\"https:\/\/internationalschoolofmadrid.com\/es\/#organization\",\"name\":\"International School of Madrid\",\"url\":\"https:\/\/internationalschoolofmadrid.com\/es\/\",\"logo\":{\"@type\":\"ImageObject\",\"inLanguage\":\"es\",\"@id\":\"https:\/\/internationalschoolofmadrid.com\/es\/#\/schema\/logo\/image\/\",\"url\":\"https:\/\/internationalschoolofmadrid.com\/wp-content\/uploads\/2024\/02\/Logotipo-ISM-azul.png\",\"contentUrl\":\"https:\/\/internationalschoolofmadrid.com\/wp-content\/uploads\/2024\/02\/Logotipo-ISM-azul.png\",\"width\":2201,\"height\":615,\"caption\":\"International School of Madrid\"},\"image\":{\"@id\":\"https:\/\/internationalschoolofmadrid.com\/es\/#\/schema\/logo\/image\/\"}}]}<\/script>\n<!-- \/ Yoast SEO plugin. -->","yoast_head_json":{"title":"Pol\u00edtica de Privacidad - International School of Madrid","robots":{"index":"noindex","follow":"follow"},"og_locale":"es_ES","og_type":"article","og_title":"Pol\u00edtica de Privacidad - International School of Madrid","og_description":"Pol\u00edtica de Privacidad International School of Madrid La Pol\u00edtica de Privacidad forma parte de las Condiciones Generales que rigen la presente Web. \u00bfQui\u00e9n es el responsable del tratamiento de sus datos? COLEGIO INTERNACIONAL DE MADRID, S.L. B78037751 Domicilio: Cuesta del Sagrado Coraz\u00f3n, 2 (28016 Madrid) Delegado de Protecci\u00f3n de Datos: dp@internationalschoolofmadrid.com Nos reservamos el derecho [&hellip;]","og_url":"https:\/\/internationalschoolofmadrid.com\/es\/privacy-policy\/","og_site_name":"International School of Madrid","article_modified_time":"2024-11-08T10:01:25+00:00","twitter_card":"summary_large_image","twitter_misc":{"Tiempo de lectura":"12 minutos"},"schema":{"@context":"https:\/\/schema.org","@graph":[{"@type":"WebPage","@id":"https:\/\/internationalschoolofmadrid.com\/es\/privacy-policy\/","url":"https:\/\/internationalschoolofmadrid.com\/es\/privacy-policy\/","name":"Pol\u00edtica de Privacidad - International School of Madrid","isPartOf":{"@id":"https:\/\/internationalschoolofmadrid.com\/es\/#website"},"datePublished":"2024-06-17T08:14:13+00:00","dateModified":"2024-11-08T10:01:25+00:00","breadcrumb":{"@id":"https:\/\/internationalschoolofmadrid.com\/es\/privacy-policy\/#breadcrumb"},"inLanguage":"es","potentialAction":[{"@type":"ReadAction","target":["https:\/\/internationalschoolofmadrid.com\/es\/privacy-policy\/"]}]},{"@type":"BreadcrumbList","@id":"https:\/\/internationalschoolofmadrid.com\/es\/privacy-policy\/#breadcrumb","itemListElement":[{"@type":"ListItem","position":1,"name":"Portada","item":"https:\/\/internationalschoolofmadrid.com\/es\/inicio\/"},{"@type":"ListItem","position":2,"name":"Pol\u00edtica de Privacidad"}]},{"@type":"WebSite","@id":"https:\/\/internationalschoolofmadrid.com\/es\/#website","url":"https:\/\/internationalschoolofmadrid.com\/es\/","name":"International School of Madrid","description":"","publisher":{"@id":"https:\/\/internationalschoolofmadrid.com\/es\/#organization"},"potentialAction":[{"@type":"SearchAction","target":{"@type":"EntryPoint","urlTemplate":"https:\/\/internationalschoolofmadrid.com\/es\/?s={search_term_string}"},"query-input":{"@type":"PropertyValueSpecification","valueRequired":true,"valueName":"search_term_string"}}],"inLanguage":"es"},{"@type":"Organization","@id":"https:\/\/internationalschoolofmadrid.com\/es\/#organization","name":"International School of Madrid","url":"https:\/\/internationalschoolofmadrid.com\/es\/","logo":{"@type":"ImageObject","inLanguage":"es","@id":"https:\/\/internationalschoolofmadrid.com\/es\/#\/schema\/logo\/image\/","url":"https:\/\/internationalschoolofmadrid.com\/wp-content\/uploads\/2024\/02\/Logotipo-ISM-azul.png","contentUrl":"https:\/\/internationalschoolofmadrid.com\/wp-content\/uploads\/2024\/02\/Logotipo-ISM-azul.png","width":2201,"height":615,"caption":"International School of Madrid"},"image":{"@id":"https:\/\/internationalschoolofmadrid.com\/es\/#\/schema\/logo\/image\/"}}]}},"_links":{"self":[{"href":"https:\/\/internationalschoolofmadrid.com\/es\/wp-json\/wp\/v2\/pages\/1913","targetHints":{"allow":["GET"]}}],"collection":[{"href":"https:\/\/internationalschoolofmadrid.com\/es\/wp-json\/wp\/v2\/pages"}],"about":[{"href":"https:\/\/internationalschoolofmadrid.com\/es\/wp-json\/wp\/v2\/types\/page"}],"author":[{"embeddable":true,"href":"https:\/\/internationalschoolofmadrid.com\/es\/wp-json\/wp\/v2\/users\/1"}],"replies":[{"embeddable":true,"href":"https:\/\/internationalschoolofmadrid.com\/es\/wp-json\/wp\/v2\/comments?post=1913"}],"version-history":[{"count":4,"href":"https:\/\/internationalschoolofmadrid.com\/es\/wp-json\/wp\/v2\/pages\/1913\/revisions"}],"predecessor-version":[{"id":2353,"href":"https:\/\/internationalschoolofmadrid.com\/es\/wp-json\/wp\/v2\/pages\/1913\/revisions\/2353"}],"wp:attachment":[{"href":"https:\/\/internationalschoolofmadrid.com\/es\/wp-json\/wp\/v2\/media?parent=1913"}],"curies":[{"name":"wp","href":"https:\/\/api.w.org\/{rel}","templated":true}]}}